{"id":4485,"date":"2026-02-18T09:23:13","date_gmt":"2026-02-18T09:23:13","guid":{"rendered":"https:\/\/sonumid.ee\/podcast\/?post_type=podcast&#038;p=4485"},"modified":"2026-04-23T06:52:54","modified_gmt":"2026-04-23T06:52:54","slug":"muusika-looming-ja-veidrused-kulas-on-sten-olle-moldau","status":"publish","type":"podcast","link":"https:\/\/sonumid.ee\/podcast\/episode\/muusika-looming-ja-veidrused-kulas-on-sten-olle-moldau\/","title":{"rendered":"Muusika, looming ja veidrused &#8211; k\u00fclas on Sten-Olle Moldau"},"content":{"rendered":"\n<p>Raplamaa S\u00f5numite podcasti v\u00e4rskes episoodis on k\u00fclas Rapla muusik Sten-Olle Moldau. Artist, kes ei k\u00e4i m\u00f6\u00f6da sissetallatud radu, vaid loob muusikat ausalt, oma sisetunde j\u00e4rgi ja nii kuidas s\u00fcda lustib. Hiljuti Eesti Muusikaauhinnad galal aasta autorilaulualbumi tiitli p\u00e4lvinud Sten-Olle r\u00e4\u00e4gib saates oma teekonnast muusikani, loominguliste ja krutskeid t\u00e4is videote s\u00fcnniloost ning inimestest, kes on tema teekonnaga ristunud. \u00dchtlasi saame teada, mida arvab muusik Eesti Laulust ja Sven L\u00f5hmuse loomingust ning kas ta oleks valmis ka v\u00f5imalikuks koost\u00f6\u00f6ks.<\/p>\n\n\n\n<p>Muusikast ja loomingust vestleb Sten-Ollega Mariliis Vest &#8211; Raplamaa S\u00f5numite ajakirjanik, tuues kuulajateni vahetu vestluse loomisest, julgusest ja enesele truuks j\u00e4\u00e4misest.<\/p>\n\n\n\n<figure class=\"wp-block-embed is-type-video is-provider-youtube wp-block-embed-youtube wp-embed-aspect-16-9 wp-has-aspect-ratio\"><div class=\"wp-block-embed__wrapper\">\n<iframe loading=\"lazy\" title=\"K\u00fclas on Sten-Olle Moldau\" width=\"1070\" height=\"602\" src=\"https:\/\/www.youtube.com\/embed\/b1RW5bHgvHg?feature=oembed\" frameborder=\"0\" allow=\"accelerometer; autoplay; clipboard-write; encrypted-media; gyroscope; picture-in-picture; web-share\" referrerpolicy=\"strict-origin-when-cross-origin\" allowfullscreen><\/iframe>\n<\/div><\/figure>\n","protected":false},"excerpt":{"rendered":"<p>Raplamaa S\u00f5numite podcasti v\u00e4rskes episoodis on k\u00fclas Rapla muusik Sten-Olle Moldau. Artist, kes ei k\u00e4i m\u00f6\u00f6da sissetallatud radu, vaid loob muusikat ausalt, oma sisetunde j\u00e4rgi ja nii kuidas s\u00fcda lustib. Hiljuti Eesti Muusikaauhinnad galal aasta autorilaulualbumi tiitli p\u00e4lvinud Sten-Olle r\u00e4\u00e4gib [&hellip;]<\/p>\n","protected":false},"featured_media":4482,"parent":0,"comment_status":"closed","ping_status":"closed","template":"","podcast_shows":[],"podcast_tags":[],"class_list":["post-4485","podcast","type-podcast","status-publish","has-post-thumbnail","hentry"],"_links":{"self":[{"href":"https:\/\/sonumid.ee\/podcast\/wp-json\/wp\/v2\/podcast\/4485","targetHints":{"allow":["GET"]}}],"collection":[{"href":"https:\/\/sonumid.ee\/podcast\/wp-json\/wp\/v2\/podcast"}],"about":[{"href":"https:\/\/sonumid.ee\/podcast\/wp-json\/wp\/v2\/types\/podcast"}],"replies":[{"embeddable":true,"href":"https:\/\/sonumid.ee\/podcast\/wp-json\/wp\/v2\/comments?post=4485"}],"wp:featuredmedia":[{"embeddable":true,"href":"https:\/\/sonumid.ee\/podcast\/wp-json\/wp\/v2\/media\/4482"}],"wp:attachment":[{"href":"https:\/\/sonumid.ee\/podcast\/wp-json\/wp\/v2\/media?parent=4485"}],"wp:term":[{"taxonomy":"podcast_shows","embeddable":true,"href":"https:\/\/sonumid.ee\/podcast\/wp-json\/wp\/v2\/podcast_shows?post=4485"},{"taxonomy":"podcast_tags","embeddable":true,"href":"https:\/\/sonumid.ee\/podcast\/wp-json\/wp\/v2\/podcast_tags?post=4485"}],"curies":[{"name":"wp","href":"https:\/\/api.w.org\/{rel}","templated":true}]}}